{"id":28,"date":"2017-11-29T13:51:52","date_gmt":"2017-11-29T12:51:52","guid":{"rendered":"http:\/\/ecolesainteuniontournai.be\/?page_id=28"},"modified":"2018-11-19T15:27:11","modified_gmt":"2018-11-19T14:27:11","slug":"projet-detablissement","status":"publish","type":"page","link":"https:\/\/ecolesainteuniontournai.be\/?page_id=28","title":{"rendered":"Projet d&rsquo;\u00e9tablissement"},"content":{"rendered":"<h5 style=\"text-align: center;\"><span style=\"font-size: 14pt; color: #ff6600;\">Projet d\u2019\u00e9tablissement<\/span><\/h5>\n<p>&nbsp;<\/p>\n<p><em>Les\u00a0 id\u00e9es d\u2019actions reprises ci-dessous seront \u00e9valu\u00e9es et r\u00e9ajust\u00e9es p\u00e9riodiquement. Leur entr\u00e9e en application sera \u00e9tal\u00e9e sur les 3 ann\u00e9es \u00e0 venir afin de ne pas disperser les \u00e9nergies et les moyens de notre \u00e9quipe \u00e9ducative.<\/em><\/p>\n<table>\n<tbody>\n<tr>\n<td width=\"175\"><strong>Sens des apprentissages<\/strong><\/td>\n<td width=\"300\"><strong>Actions<\/strong><\/td>\n<td width=\"240\"><strong>Moyens<\/strong><\/td>\n<\/tr>\n<tr>\n<td width=\"175\">Donner du sens aux apprentissages<\/td>\n<td width=\"300\">\n<ul>\n<li>Ecrire pour se faire lire (lettre, invitation, compliment, \u2026).<\/li>\n<li>Communiquer (via internet et autres moyens) avec des correspondants \u00e9trangers proches ou lointains.<\/li>\n<li>Communiquer par l\u2019\u00e9crit entre les classes.<\/li>\n<li>Relancer le journal des Campeaux<\/li>\n<li>Favoriser\u00a0 l\u2019arriv\u00e9e de l\u2019\u00e9crit sous toutes ses formes dans l\u2019\u00e9cole (contagion).<\/li>\n<\/ul>\n<p>&nbsp;<\/td>\n<td width=\"240\">Cr\u00e9er un ou des espaces d\u2019affichage d\u2019\u00e9crits.<\/p>\n<p>Salle informatique ou ordinateurs en classe et formation des enseignants.<\/p>\n<p>Utiliser la dict\u00e9e \u00e0 l\u2019adulte (cycles 1 et 2).<\/p>\n<p>Participer \u00e0 des formations FOCEF.<\/p>\n<p>&nbsp;<\/td>\n<\/tr>\n<tr>\n<td width=\"175\">Privil\u00e9gier les activit\u00e9s de d\u00e9couverte, de production et de cr\u00e9ation<\/td>\n<td width=\"300\">\n<ul>\n<li>Participer \u00e0 des concours d\u2019\u00e9criture et de lecture.<\/li>\n<\/ul>\n<p>&nbsp;<\/p>\n<ul>\n<li>Participer \u00e0 des ateliers d\u2019\u00e9criture.<\/li>\n<\/ul>\n<p><u>\u00a0<\/u><\/p>\n<p>&nbsp;<\/td>\n<td width=\"240\">Organiser un temps privil\u00e9gi\u00e9 dans l\u2019ann\u00e9e scolaire (semaine de l\u2019\u00e9criture).<\/p>\n<p>Utilisation de la biblioth\u00e8que publique.<\/p>\n<p>Biblioth\u00e8que d\u2019\u00e9cole \u00e0 am\u00e9nager et \u00ab\u00a0garnir\u00a0\u00bb.<\/p>\n<p>Une personne-ressource au sein de l\u2019\u00e9cole (dans l\u2019horaire).<\/p>\n<p>&nbsp;<\/p>\n<p>&nbsp;<\/td>\n<\/tr>\n<tr>\n<td width=\"175\"><strong>Qualit\u00e9 des apprentissages<\/strong><\/td>\n<td width=\"300\"><strong>\u00a0<\/strong><\/p>\n<p><strong>Actions<\/strong><\/td>\n<td width=\"240\"><strong>\u00a0<\/strong><\/p>\n<p><strong>Moyens<\/strong><\/td>\n<\/tr>\n<tr>\n<td width=\"175\">G\u00e9rer l\u2019apprentissage<\/td>\n<td width=\"300\">\n<ul>\n<li>Cr\u00e9er et utiliser des r\u00e9f\u00e9rentiels de classe (besoins des enfants).<\/li>\n<li>Lier les activit\u00e9s phonologiques aux activit\u00e9s d\u2019\u00e9criture.<\/li>\n<li>Organiser des activit\u00e9s d\u2019\u00e9criture \u00e0 partir des r\u00e9f\u00e9rentiels.<\/li>\n<li>D\u00e9velopper le geste graphique par diff\u00e9rents moyens et supports.<\/li>\n<li>Faire \u00e9crire les \u00e9l\u00e8ves lors d\u2019activit\u00e9s d\u2019\u00e9veil, de math\u00e9matiques\u00a0: favoriser l\u2019interdisciplinarit\u00e9.<\/li>\n<li>Evaluer les \u00e9crits et d\u00e9velopper l\u2019auto-\u00e9valuation (grilles ) et l\u2019auto-correction.<\/li>\n<li>Organiser des s\u00e9quences d\u2019apprentissage visant 1 comp\u00e9tence.<\/li>\n<li>Alterner les activit\u00e9s fonctionnelles et de structuration.<\/li>\n<li>Am\u00e9nager le temps pour \u00e9crire (emploi du polyvalent).<\/li>\n<li>Lire \u00ab\u00a0p\u00e9dagogique\u00a0\u00bb et partager nos d\u00e9couvertes.<\/li>\n<\/ul>\n<\/td>\n<td width=\"240\">S\u2019inspirer de l\u2019exp\u00e9rience d\u2019autres \u00e9tablissements, favoriser le compagnonnage.<\/p>\n<p>&nbsp;<\/p>\n<p>&nbsp;<\/p>\n<p>&nbsp;<\/p>\n<p>&nbsp;<\/p>\n<p>Mat\u00e9riel vari\u00e9 (feuilles, plasticine, cerceaux\u2026 et espace adapt\u00e9).<\/p>\n<p>&nbsp;<\/p>\n<p>Formation FoCEF des enseignants et concertations.<\/p>\n<p>&nbsp;<\/p>\n<p>&nbsp;<\/p>\n<p>Enseignant polyvalent.<\/p>\n<p>&nbsp;<\/p>\n<p>&nbsp;<\/p>\n<p>&nbsp;<\/p>\n<p>Biblioth\u00e8que r\u00e9serv\u00e9e aux enseignants.<\/td>\n<\/tr>\n<tr>\n<td width=\"175\">Assurer la continuit\u00e9 des apprentissages<\/td>\n<td width=\"300\">\n<ul>\n<li>Cr\u00e9er des r\u00e9f\u00e9rentiels d\u2019\u00e9criture en cycles ( orthographe, grammaire textuelle, types de textes\u2026).<\/li>\n<li>Organiser les activit\u00e9s d\u2019apprentissage et l\u2019\u00e9valuation en cycles (pour \u00e9viter les doubles emplois, les r\u00e9p\u00e9titions\u2026).<\/li>\n<\/ul>\n<p>&nbsp;<\/td>\n<td width=\"240\">Se donner 1 support commun pour le passage des r\u00e9f\u00e9rentiels.<\/p>\n<p>&nbsp;<\/p>\n<p>&nbsp;<\/p>\n<p>Concertations.<\/td>\n<\/tr>\n<\/tbody>\n<\/table>\n<p>&nbsp;<\/p>\n<p><strong>Autres modalit\u00e9s pr\u00e9vues<\/strong><\/p>\n<p><strong>La communication avec les parents\u00a0:<\/strong><\/p>\n<ul>\n<li>3 lieux d\u2019affichage\u00a0: dans les 2 cours (avant et arri\u00e8re) et dans le couloir central, des panneaux d\u2019affichage communiquent aux parents des informations sur le \u00ab\u00a0quotidien\u00a0\u00bb de l\u2019\u00e9cole (menus, nouvelles des classes de d\u00e9paysement, dates de r\u00e9union &#8230;)\n<ul>\n<li>3 temps de rencontre des parents en r\u00e9union (2 pour le maternel)\u00a0: ces temps de rencontres individuelles sont r\u00e9partis sur l\u2019ensemble de l\u2019ann\u00e9e scolaire et sont r\u00e9serv\u00e9s au suivi p\u00e9dagogique des \u00e9l\u00e8ves dans leur ann\u00e9e.<\/li>\n<\/ul>\n<\/li>\n<li>Un journal de communication\u00a0: \u00ab\u00a0l\u2019\u00e9cho des parents\u00a0\u00bb, r\u00e9dig\u00e9 par la Direction,\u00a0 para\u00eet au moins une fois par mois et reprend toutes les informations pratiques de la vie de l\u2019\u00e9cole, des \u00e9l\u00e9ments de r\u00e9flexion et l\u2019agenda. Il est transmis\u00a0 par l\u2019a\u00een\u00e9 de chaque famille.\n<ul>\n<li>Une rencontre avec les parents dont les enfants passent de l\u2019enseignement maternel \u00e0 l\u2019enseignement primaire\u00a0: la titulaire de 1<sup>re<\/sup> primaire pr\u00e9sente aux parents les changements\u00a0 que ce passage implique.<\/li>\n<\/ul>\n<\/li>\n<li>Le journal de classe (section primaire) et la farde de communication (section maternelle) : ce sont les outils privil\u00e9gi\u00e9s de communication bilat\u00e9rale entre les parents et les enseignants.\n<ul>\n<li>Autres temps\u00a0: \u00e0 tout moment, une rencontre particuli\u00e8re avec un membre de l\u2019\u00e9quipe \u00e9ducative reste possible\u00a0 sur simple rendez-vous.<\/li>\n<\/ul>\n<\/li>\n<\/ul>\n<p><strong>\u00a0<\/strong><\/p>\n<p><strong>L\u2019accueil des enfants venant de l\u2019enseignement sp\u00e9cialis\u00e9\u00a0:<\/strong><\/p>\n<p>&nbsp;<\/p>\n<p>En collaboration avec les parents et le centre P.M.S., des strat\u00e9gies particuli\u00e8res seront mises en place afin d\u2019accueillir au mieux ces \u00e9l\u00e8ves. Cette \u00e9troite collaboration est aussi mise en \u0153uvre hebdomadairement pour l\u2019accompagnement des enfants rencontrant des difficult\u00e9s.<\/p>\n<p>Coordonn\u00e9es du P.M.S.<\/p>\n<p>Personne de contact\u00a0:\u00a0 \u00a0\u00a0\u00a0\u00a0\u00a0 Mr Gr\u00e9goire GEORIS<\/p>\n<p>Centre P.M.S. II\u00a0 libre<\/p>\n<p>Rue Child\u00e9ric 29<\/p>\n<p>7500\u00a0 Tournai<\/p>\n<p>069 22 97 83<\/p>\n<p><strong>\u00a0<\/strong><\/p>\n<p><strong>Le passage primaire &#8211;\u00a0 secondaire\u00a0:<\/strong><\/p>\n<p>La r\u00e9alit\u00e9 de notre \u00e9cole nous permet de cohabiter avec une section secondaire qui accueille les 2 premi\u00e8res ann\u00e9es. Cette proximit\u00e9 favorise\u00a0:<\/p>\n<ul>\n<li>un passage \u00ab\u00a0en douceur\u00a0\u00bb et s\u00e9curisant vers l\u2019enseignement secondaire.<\/li>\n<li>l\u2019organisation de temps, d\u2019\u00e9v\u00e9nements et d\u2019actions en commun.<\/li>\n<li>au mois de mai de chaque ann\u00e9e, l\u2019accueil des \u00e9l\u00e8ves de 6<sup>\u00e8me<\/sup> primaire pour une premi\u00e8re immersion dans le quotidien du secondaire (activit\u00e9s en classe, visites\u2026).<\/li>\n<\/ul>\n","protected":false},"excerpt":{"rendered":"<p>Projet d\u2019\u00e9tablissement &nbsp; Les\u00a0 id\u00e9es d\u2019actions reprises ci-dessous seront \u00e9valu\u00e9es et r\u00e9ajust\u00e9es p\u00e9riodiquement. Leur entr\u00e9e en application sera \u00e9tal\u00e9e sur les 3 ann\u00e9es \u00e0 venir afin de ne pas disperser les \u00e9nergies et les moyens de notre \u00e9quipe \u00e9ducative. Sens&hellip; <br \/><a class=\"read-more-button\" href=\"https:\/\/ecolesainteuniontournai.be\/?page_id=28\">Savoir plus<\/a><\/p>\n","protected":false},"author":3,"featured_media":0,"parent":0,"menu_order":0,"comment_status":"closed","ping_status":"closed","template":"","meta":[],"_links":{"self":[{"href":"https:\/\/ecolesainteuniontournai.be\/index.php?rest_route=\/wp\/v2\/pages\/28"}],"collection":[{"href":"https:\/\/ecolesainteuniontournai.be\/index.php?rest_route=\/wp\/v2\/pages"}],"about":[{"href":"https:\/\/ecolesainteuniontournai.be\/index.php?rest_route=\/wp\/v2\/types\/page"}],"author":[{"embeddable":true,"href":"https:\/\/ecolesainteuniontournai.be\/index.php?rest_route=\/wp\/v2\/users\/3"}],"replies":[{"embeddable":true,"href":"https:\/\/ecolesainteuniontournai.be\/index.php?rest_route=%2Fwp%2Fv2%2Fcomments&post=28"}],"version-history":[{"count":4,"href":"https:\/\/ecolesainteuniontournai.be\/index.php?rest_route=\/wp\/v2\/pages\/28\/revisions"}],"predecessor-version":[{"id":1185,"href":"https:\/\/ecolesainteuniontournai.be\/index.php?rest_route=\/wp\/v2\/pages\/28\/revisions\/1185"}],"wp:attachment":[{"href":"https:\/\/ecolesainteuniontournai.be\/index.php?rest_route=%2Fwp%2Fv2%2Fmedia&parent=28"}],"curies":[{"name":"wp","href":"https:\/\/api.w.org\/{rel}","templated":true}]}}