{"id":22,"date":"2017-11-29T13:50:41","date_gmt":"2017-11-29T12:50:41","guid":{"rendered":"http:\/\/ecolesainteuniontournai.be\/?page_id=22"},"modified":"2023-01-21T15:55:01","modified_gmt":"2023-01-21T14:55:01","slug":"renseignements-pratiques","status":"publish","type":"page","link":"https:\/\/ecolesainteuniontournai.be\/?page_id=22","title":{"rendered":"Renseignements pratiques"},"content":{"rendered":"<h2>Ann\u00e9e scolaire 2022-2023<\/h2>\n<p>&nbsp;<\/p>\n<ul>\n<li><strong>ORGANISATION<\/strong><\/li>\n<\/ul>\n<p><strong><u>Direction\u00a0:\u00a0<\/u><\/strong> Mme Fran\u00e7oise Cl\u00e9ment<\/p>\n<p><strong><u>Secr\u00e9tariat\u00a0:\u00a0 <\/u><\/strong>Pour la facturation et l\u2019administratif : Mme Vanessa\u00a0 le lundi apr\u00e8s-midi, le mardi\u00a0 apr\u00e8s midi<\/p>\n<p>Mme Oriane le jeudi et le vendredi toute la journ\u00e9e.<\/p>\n<p><strong><u>3 classes en maternelle\u00a0:<\/u><\/strong><\/p>\n<ul>\n<li>Accueil \u2013 M1 : Mme V\u00e9ronique Meyrant<\/li>\n<li>M2 : Mme Marina De Carvalho Mendes<\/li>\n<li>M3 : Madame C\u00e9line Tonneau<\/li>\n<li>Psychomotricien\u00a0: Mr Geoffrey Verrue<\/li>\n<li>Aide aux institutrices maternelles : stagiaires de la Ste Union, chauss\u00e9e de Lille<\/li>\n<\/ul>\n<p><strong><u>6 classes en primaire\u00a0:<\/u><\/strong><\/p>\n<ul>\n<li>P1\u00a0: Mme Rachel Lenain et Mme Marie Maurizi, le mercredi<\/li>\n<li>P2 : Mme Delphine Delzenne et Mme Charlotte Keunebrock \u00a0 le vendredi<\/li>\n<li>P3\u00a0: Mme Tiphaine L\u00e9onard<\/li>\n<li>P4\u00a0: Mme Brigitte Deknudt<\/li>\n<li>P5\u00a0: Mme Erika Gecse<\/li>\n<li>P6 :\u00a0 Mme S\u00e9gol\u00e8ne Lemoine<\/li>\n<\/ul>\n<p>Aid\u00e9s de Mme\u00a0 Marie Maurizi et Mr Olivier Verheye<\/p>\n<ul>\n<li>Education physique : Mme Marie Mars et Mr Geoffrey Verrue<\/li>\n<li>Seconde langue\u00a0: Mme Val\u00e9rie Delannay<\/li>\n<li><strong>FOURNITURES SCOLAIRES<\/strong><\/li>\n<\/ul>\n<p><strong>\u00a0<\/strong><strong>En primaire<\/strong>, journal de classe, cahiers et livres sont fournis par l\u2019\u00e9cole. Chaque enfant re\u00e7oit ces fournitures <u>d\u00e8s le jour de la rentr\u00e9e<\/u>.<\/p>\n<ul>\n<li><strong>SECONDE LANGUE EN 5e PRIMAIRE<\/strong><\/li>\n<\/ul>\n<p>Nous proposons le choix entre le n\u00e9erlandais et l\u2019anglais. Le choix est fait pour les 2 ann\u00e9es (P5 et P6). A partir de la rentr\u00e9e 2023-2024, l&rsquo;\u00e9cole ne proposera plus que le n\u00e9erlandais dans la grille horaire ( Tronc commun)<\/p>\n<p><strong>\u00a0<\/strong><strong>Eph\u00e9m\u00e9ride 2022-2023<\/strong><\/p>\n<p><strong><u>BULLETINS<\/u><\/strong><\/p>\n<p>&nbsp;<\/p>\n<ul>\n<li>Semaine du 17 octobre<\/li>\n<li>Semaine du 19 d\u00e9cembre<\/li>\n<li>Semaine du 6 mars<\/li>\n<li>Semaine du 24 avril<\/li>\n<li>Semaine du 12 juin<\/li>\n<\/ul>\n<p>Nous pratiquons l\u2019\u00e9valuation continue. Des \u00e9valuations sont pr\u00e9vues \u00e0 la fin de chaque apprentissage. A la suite des \u00e9valuations, un feed-back constructif est rendu afin de d\u2019aider l\u2019enfant \u00e0 s\u2019am\u00e9liorer. Des rem\u00e9diations sont mises en place<\/p>\n<p>Une\u00a0 session d\u2019examens fin juin : * \u00e9preuves externes WAPIEV en P2 et P4,<\/p>\n<p>* CEB en P6,<\/p>\n<p>* en interne en P3 et P5 (pas d\u2019examens de fin d\u2019ann\u00e9e en P1).<\/p>\n<p><strong><u>REUNIONS DE PARENTS<\/u><\/strong><\/p>\n<table width=\"0\">\n<tbody>\n<tr>\n<td width=\"598\">&#8211;\u00a0\u00a0\u00a0\u00a0\u00a0\u00a0\u00a0\u00a0\u00a0 Semaine du 17 octobre : 1<sup>\u00e8re<\/sup> r\u00e9union<\/p>\n<p>&#8211;\u00a0\u00a0\u00a0\u00a0\u00a0\u00a0\u00a0\u00a0\u00a0 Semaine de 6 mars\u00a0 : 2<sup>\u00e8me<\/sup> r\u00e9union<\/p>\n<p>&#8211; \u00a0 \u00a0 \u00a0 \u00a0\u00a0 la derni\u00e8re semaine de juin : 3<sup>\u00e8me<\/sup> r\u00e9union<\/td>\n<td width=\"11\"><\/td>\n<\/tr>\n<\/tbody>\n<\/table>\n<p><strong><u>CONGES<\/u><\/strong><\/p>\n<table style=\"width: 1044px;\" width=\"0\">\n<tbody>\n<tr>\n<td style=\"width: 280px;\" width=\"241\">Rentr\u00e9e scolaire<\/td>\n<td style=\"width: 527px;\" width=\"469\">lundi 29 ao\u00fbt 2022<\/td>\n<td style=\"width: 237px;\" width=\"202\"><\/td>\n<\/tr>\n<tr>\n<td style=\"width: 280px;\">F\u00eate de la Communaut\u00e9 fran\u00e7aise<\/td>\n<td style=\"width: 527px;\">mardi 27 septembre 2022<\/td>\n<td style=\"width: 237px;\"><\/td>\n<\/tr>\n<tr>\n<td style=\"width: 280px;\">Cong\u00e9 d&rsquo;automne (Toussaint)<\/td>\n<td style=\"width: 527px;\">du lundi 24\u00a0octobre 2022 au vendredi 4 novembre 2022<\/td>\n<td style=\"width: 237px;\"><\/td>\n<\/tr>\n<tr>\n<td style=\"width: 280px;\">Comm\u00e9moration du 11 novembre<\/td>\n<td style=\"width: 527px;\">vendredi 11 novembre 2022<\/td>\n<td style=\"width: 237px;\"><\/td>\n<\/tr>\n<tr>\n<td style=\"width: 280px;\">Vacances d&rsquo;hiver (No\u00ebl)<\/td>\n<td style=\"width: 527px;\">du lundi 26 d\u00e9cembre 2022 au vendredi 6 janvier 2023<\/td>\n<td style=\"width: 237px;\"><\/td>\n<\/tr>\n<tr>\n<td style=\"width: 280px;\">Cong\u00e9 de d\u00e9tente (Carnaval)<\/td>\n<td style=\"width: 527px;\">du lundi 20 f\u00e9vrier 2023 au vendredi 3 mars 2023<\/td>\n<td style=\"width: 237px;\"><\/td>\n<\/tr>\n<tr>\n<td style=\"width: 280px;\">Lundi de P\u00e2ques<\/td>\n<td style=\"width: 527px;\">lundi 10 avril 2023<\/td>\n<td style=\"width: 237px;\"><\/td>\n<\/tr>\n<tr>\n<td style=\"width: 280px;\">Vacances de printemps (P\u00e2ques)<\/td>\n<td style=\"width: 527px;\">du lundi 1<sup>er<\/sup> mai 2023 au vendredi 12 mai 2023<\/p>\n<p><strong><em>NOTE : <\/em><\/strong><em>le cong\u00e9 de printemps est donc d\u00e9cal\u00e9 par rapport \u00e0 la f\u00eate de P\u00e2ques<\/em><\/td>\n<td style=\"width: 237px;\"><\/td>\n<\/tr>\n<tr>\n<td style=\"width: 280px;\">Cong\u00e9 de l&rsquo;Ascension<\/td>\n<td style=\"width: 527px;\">jeudi 18 mai 2023<\/td>\n<td style=\"width: 237px;\"><\/td>\n<\/tr>\n<tr>\n<td style=\"width: 280px;\">Lundi de Pentec\u00f4te<\/td>\n<td style=\"width: 527px;\">lundi 29 mai 2023<\/td>\n<td style=\"width: 237px;\"><\/td>\n<\/tr>\n<tr>\n<td style=\"width: 280px;\">Les vacances d&rsquo;\u00e9t\u00e9 d\u00e9butent le<\/td>\n<td style=\"width: 527px;\">samedi 8 juillet 2023<\/td>\n<td style=\"width: 237px;\"><\/td>\n<\/tr>\n<\/tbody>\n<\/table>\n<ul>\n<li><strong>HORAIRE<\/strong><\/li>\n<\/ul>\n<p><strong>Les lundi, mardi, jeudi et vendredi\u00a0:<\/strong><\/p>\n<p>L\u2019\u00e9cole est ouverte et les enfants sont encadr\u00e9s <strong><u>de 7h20 \u00e0 17h40<\/u><\/strong>.<\/p>\n<p>Les cours se donnent\u00a0 de le matin de 8h30 \u00e0 10h10, de 10h30 \u00e0 11h45<\/p>\n<p>et l&rsquo;apr\u00e8s-midi de 12h35 \u00e0 13h50, de 14h20 \u00e0 15h25.<\/p>\n<p><strong>Le mercredi\u00a0:<\/strong><\/p>\n<p>L\u2019\u00e9cole est ouverte et les enfants sont encadr\u00e9s <strong><u>de 7h20\u00e0 12h30<\/u><\/strong>.<\/p>\n<p>Les cours se donnent de\u00a0 8h30 \u00e0 10h10, de 10h30 \u00e0<strong><u> 12h10<\/u><\/strong>.<\/p>\n<ul>\n<li><strong>FREQUENTATION SCOLAIRE<\/strong><\/li>\n<\/ul>\n<p>Voici les obligations \u00e0 respecter pour les absences des <u>\u00e9l\u00e8ves \u00e2g\u00e9s de 5 ans et plus<\/u> (\u00e2ge d\u2019obligation scolaire)<\/p>\n<p><em>1\u00b0 Cas de force majeure et circonstance exceptionnelle<\/em><\/p>\n<p><strong>Avertir le bureau le jour m\u00eame<\/strong>\u00a0!<\/p>\n<p>Toute absence, m\u00eame un demi-jour, <u>doit \u00eatre justifi\u00e9e par un \u00e9crit des parents<\/u> le lendemain du dernier jour de l\u2019absence <u>lorsque celle-ci ne d\u00e9passe pas 3 jours<\/u> et au plus tard le quatri\u00e8me jour d\u2019absence dans les autres cas. La raison doit \u00eatre explicite et acceptable.<\/p>\n<p><strong>Les notifications \u00ab\u00a0raison personnelle\u00a0\u00bb ou \u00ab\u00a0raison familiale\u00a0\u00bbainsi qu\u2019un prolongement ou une anticipation de vacances ne sont pas consid\u00e9r\u00e9es comme des absences justifi\u00e9es.<\/strong><\/p>\n<p><em>2\u00b0 Maladie (certificat m\u00e9dical \u00e0 fournir \u00e0 l\u2019\u00e9cole)<\/em><\/p>\n<p><strong>Avertir le bureau le jour-m\u00eame\u00a0!<\/strong><\/p>\n<p>A partir du 3\u00e8me jour, un <u>certificat m\u00e9dical est exig\u00e9<\/u>.<\/p>\n<p><em>3\u00b0 Les absences motiv\u00e9es par une autorit\u00e9 publique (<strong>attestation \u00e0 fournir \u00e0 l\u2019\u00e9cole<\/strong>)<\/em><\/p>\n<p><em>4\u00b0 D\u00e9c\u00e8s d\u2019un parent (<strong>attestation \u00e0 fournir \u00e0 l\u2019\u00e9cole<\/strong>)<\/em><\/p>\n<ul>\n<li>parent ou alli\u00e9 du 1er degr\u00e9 = 4 jours<\/li>\n<li>parent ou alli\u00e9 autre degr\u00e9 vivant sous le m\u00eame toit = 2 jours<\/li>\n<li>parent ou alli\u00e9 pas sous le m\u00eame toit = 1 jour<\/li>\n<\/ul>\n<p>Les absences non justifi\u00e9es comme pr\u00e9cis\u00e9es ci-dessus devront \u00eatre signal\u00e9es \u00e0 la Direction G\u00e9n\u00e9rale de l\u2019Enseignement Obligatoire scolaire <u>d\u00e8s le 9\u00e8me demi-jour d\u2019absence injustifi\u00e9e<\/u>. Si elle juge les absences trop litigieuses, elle les signalera aupr\u00e8s du Procureur du Roi pour d\u00e9nonciation ou d\u00e9faut \u00e0 la loi sur la fr\u00e9quentation scolaire.<\/p>\n<p style=\"text-align: center;\"><span style=\"font-size: 14pt;\"><strong><em>\u00ab\u00a0Prot\u00e9ger la r\u00e9gularit\u00e9 de l\u2019enseignement, c\u2019est prot\u00e9ger sa qualit\u00e9\u00a0\u00bb<\/em><\/strong><\/span><\/p>\n<p>&nbsp;<\/p>\n<p><strong><em>\u00a0<\/em><\/strong><strong>EDUCATION PHYSIQUE<\/strong><\/p>\n<p>Chaque \u00e9l\u00e8ve se munira de chaussures de gymnastique, d\u2019un short et d\u2019un tee-shirt. Les v\u00eatements marqu\u00e9s seront mis dans un sac portant le nom de l\u2019enfant.<\/p>\n<p>Le cours d\u2019\u00e9ducation physique fait partie du programme de cours de l\u2019enseignement\u00a0 primaire\u00a0; <strong><u>seule une raison m\u00e9dicale justifi\u00e9e par \u00e9crit<\/u><\/strong><u> peut donc exempter un \u00e9l\u00e8ve de ce cours.<\/u><\/p>\n<p><u>Il\u00a0 en est de m\u00eame pour le cours de natation qui concerne les classes de primaire<\/u>. Ces classes se rendront \u00e0 la piscine de l\u2019Orient en bus toutes les deux semaines. Une participation de <u>4,00 \u20ac<\/u> sera demand\u00e9e par s\u00e9ance.<\/p>\n<ul>\n<li><strong>JOURNAL DE CLASSE<\/strong><\/li>\n<\/ul>\n<p><strong>\u00a0<\/strong><u>C\u2019est un outil indispensable pour les \u00e9l\u00e8ves.<\/u> C\u2019est l\u00e0 qu\u2019ils notent <u>les travaux \u00e0 faire \u00e0 domicile<\/u> (le\u00e7ons, devoirs, travaux de recherches, \u2026). Il leur sert \u00e9galement <u>d\u2019agenda<\/u> o\u00f9 ils peuvent y retrouver de nombreuses informations (ou rappels).<\/p>\n<p><strong><u>Nous vous demandons de signer chaque semaine ce journal de classe.<\/u><\/strong><\/p>\n<p>Idem pour le cahier (ou la farde) de communications en maternelle.<\/p>\n<ul>\n<li><strong>ACCES A L\u2019ECOLE<\/strong><\/li>\n<\/ul>\n<p><strong>\u00a0<\/strong><strong><em><u>PRIMAIRE<\/u><\/em><\/strong><\/p>\n<p>&#8211; <u>Avant 15h55<\/u>, entr\u00e9e et sortie par la porte bleue de la <strong><u>rue des Campeaux<\/u><\/strong>.<\/p>\n<p>Heures d\u2019ouverture de la grille\u00a0: \u00a0\u00a0\u00a0\u00a0\u00a0\u00a0\u00a0 le matin de <strong>7h20\u00e0\u00a0 8h30<\/strong><\/p>\n<p>l\u2019apr\u00e8s-midi de <strong>15h25 \u00e0 15h45<\/strong>.<\/p>\n<p>Durant les heures de cours, celle-ci sera ferm\u00e9e.<\/p>\n<p>Pour rentrer dans l\u2019\u00e9cole, il faudra alors sonner \u00e0 la porte bleue (\u00e0 droite de la grille, \u00e0 hauteur du pr\u00e9au).<\/p>\n<p><strong>&#8211;<\/strong><u>Apr\u00e8s 15h55<\/u> (durant l\u2019\u00e9tude et la garderie du soir), seul l\u2019acc\u00e8s par la rue de Cordes est possible pour tout le monde.<\/p>\n<p><strong><em><u>MATERNELLE<\/u><\/em><\/strong><\/p>\n<p>&#8211; Entr\u00e9e et sortie par la petite porte, <strong><u>rue de Cordes<\/u><\/strong>.<\/p>\n<p>Heures d\u2019ouverture de la porte\u00a0:<strong>\u00a0\u00a0\u00a0\u00a0\u00a0\u00a0\u00a0\u00a0 <\/strong>le matin de<strong> 7h20 \u00e0 8h45<\/strong><\/p>\n<p><strong>\u00a0\u00a0\u00a0\u00a0\u00a0\u00a0\u00a0\u00a0\u00a0\u00a0\u00a0\u00a0\u00a0\u00a0\u00a0\u00a0\u00a0\u00a0\u00a0\u00a0\u00a0\u00a0\u00a0\u00a0\u00a0\u00a0\u00a0\u00a0\u00a0\u00a0\u00a0\u00a0\u00a0\u00a0\u00a0\u00a0\u00a0\u00a0\u00a0\u00a0\u00a0\u00a0\u00a0\u00a0\u00a0\u00a0 <\/strong>l\u2019apr\u00e8s-midi de <strong>15h25 \u00e0 17h40<\/strong><\/p>\n<p>Cette entr\u00e9e est s\u00e9curis\u00e9e par une surveillance \u00ab\u00a0vid\u00e9o\u00a0\u00bb.<\/p>\n<p><strong>Nous insistons pour que chacun respecte ces r\u00e8gles de circulation des personnes pour la bonne s\u00e9curit\u00e9 de tous.<\/strong><\/p>\n<p><strong><u>Remarques particuli\u00e8res pour les maternelles\u00a0:<\/u><\/strong><\/p>\n<ul>\n<li>Nous demandons \u00e0 tous les parents de respecter l\u2019horaire le mieux possible\u00a0: <strong><em>amener les enfants <u>pour 8h30<\/u> <\/em><\/strong>et <strong><em>ne pas les reprendre avant <u>la fin des activit\u00e9s<\/u><\/em><\/strong>. Ceci dans le but de ne pas perturber les activit\u00e9s.<\/li>\n<li>A 15h25, les enfants <u>attendent leurs parents dans leur petite cour<\/u> (ou dans la salle en cas de mauvais temps).<\/li>\n<\/ul>\n<p>Avant cette heure de sortie, veuillez vous-m\u00eames attendre devant la grille et <u>non venir chercher les enfants en classe.<\/u><\/p>\n<ul>\n<li><strong>\u00ab\u00a0CLASSES DE DEPAYSEMENT\u00a0\u00bb<\/strong><\/li>\n<\/ul>\n<p>Tous les deux ans, tous nos \u00e9l\u00e8ves de primaire ont la chance de partir 3 jours en classes vertes.<\/p>\n<p>Cette ann\u00e9e scolaire (2022-2023) est une ann\u00e9e \u00ab\u00a0classes vertes\u00a0\u00bb pour les primaires.<\/p>\n<p>&nbsp;<\/p>\n<ul>\n<li>Les \u00e9l\u00e8ves de P3\/ P4 partiront \u00e0 Honnelles au \u00ab\u00a0Caillou qui bique.\u00a0\u00bb du 28 au 30 septembre 2022 .Le prix est fix\u00e9 \u00e0 140 euros- tout compris\u00a0: voyage, s\u00e9jour, animations&#8230; A la rentr\u00e9e, nous vous communiquerons assez vite tous les renseignements. D\u2019ores et d\u00e9j\u00e0, nous insistons sur le fait que cette somme ne doit pas \u00eatre un frein. Des arrangements peuvent \u00eatre trouv\u00e9s et des \u00e9talements de paiements peuvent \u00eatre mis en place. Il vous suffit de venir en parler au bureau de la direction .La discr\u00e9tion sera assur\u00e9e.<\/li>\n<li>Les \u00e9l\u00e8ves de P1\/P2 partiront \u00e0 Coxydes , au centre Emma\u00fcs du 22 au 24 mai 2023. Le prix est lui aussi fix\u00e9 \u00e0 140 euros \u2013tout compris\u00a0: voyage, s\u00e9jour, entr\u00e9es dans les mus\u00e9es, animations\u2026Ici aussi, nous insistons sur le fait que cette somme ne doit pas \u00eatre un frein. Des arrangements peuvent \u00eatre trouv\u00e9s et des \u00e9talements de paiements peuvent \u00eatre mis en place. Il vous suffit de venir en parler au bureau de la direction .La discr\u00e9tion sera assur\u00e9e.<\/li>\n<li>Les \u00e9l\u00e8ves de P5\/ P6 partiront \u00e0 Mozet, au domaine du ch\u00e2teau du 15 au 17 mai 2023. Le prix est lui aussi de 140 euros et comme pour les autres classes, nous insistons sur le fait que cette somme ne doit pas \u00eatre un frein. Des arrangements peuvent \u00eatre trouv\u00e9s et des \u00e9talements de paiements peuvent \u00eatre mis en place. Il vous suffit de venir en parler au bureau de la direction .La discr\u00e9tion sera assur\u00e9e.<\/li>\n<\/ul>\n<p>&nbsp;<\/p>\n<p>Si vous d\u00e9cidez d\u00e9j\u00e0 de verser la somme ou une partie de celle-ci, le versement peut se faire sur le compte<\/p>\n<p>n\u00b0 de compte <strong>BE42 1990 2917 4154 <\/strong>avec la mention \u00ab\u00a0<em>classe verte de\u00a0 (lieu) + Nom de l\u2019\u00e9l\u00e8ve et classe\u00a0\u00bb.<\/em><\/p>\n<p><em>Ces communications sont vraiment importantes pour que notre comptable puisse s\u2019y retrouver.<\/em><\/p>\n<p>&nbsp;<\/p>\n<p>&nbsp;<\/p>\n<ul>\n<li><strong>REPAS<\/strong><\/li>\n<\/ul>\n<p>Nous devons communiquer le nombre de repas <strong>avant 9h00<\/strong>; cela signifie qu&rsquo;un \u00e9l\u00e8ve arrivant apr\u00e8s cette heure ne peut compter sur le d\u00eener complet sauf s&rsquo;il a pr\u00e9venu la veille ou si vous t\u00e9l\u00e9phonez le matin m\u00eame.<\/p>\n<p>Les menus sont affich\u00e9s par mois.<\/p>\n<p>Co\u00fbt d\u2019un repas\u00a0: <strong>maternelle\u00a0: 2,80 \u20ac<\/strong> et <strong>primaire\u00a0: 3,60 \u20ac<\/strong> (pour potage, plat et dessert).<\/p>\n<ul>\n<li><strong>ETUDES ET GARDERIES<\/strong><\/li>\n<li><span style=\"text-decoration: underline;\"><strong>Matin<\/strong><\/span>\u00a0: Ouverture des portes \u00e0 7h20 pour la garderie.<\/li>\n<\/ul>\n<p>La garderie se fera dans la grande salle avec des jeux calmes \u00a0puis \u00a0d\u00e8s 8h05 dans les cours respectives.<\/p>\n<p>Elle sera payante de 7h20 \u00e0 8h00, il vous sera demand\u00e9 <strong><u>0,50 \u20ac par enfant arrivant entre 7h20 et 8h00. Les cours commencent \u00e0 8h30.<\/u><\/strong><\/p>\n<p>&nbsp;<\/p>\n<ul>\n<li><strong><span style=\"text-decoration: underline;\">Fin des cours<\/span><\/strong>\u00a0: la fin des cours est fix\u00e9e \u00e0 15h25.<\/li>\n<\/ul>\n<p>La garderie commence \u00e0 15h35.<\/p>\n<p>Les \u00e9tudes commencent \u00e0 <strong>15h45<\/strong>. \u00a0\u00a0Une \u00e9tude de 30 min. est organis\u00e9e pour P1\/P2\/P3 (jusque 16h15) et une autre de 45 min. pour P4\/P5\/P6 (jusque 16h30). Chacune sera dirig\u00e9e par un enseignant. A la fin de l\u2019\u00e9tude, les enfants de primaire rejoindront alors les maternelles \u00e0 la garderie.<\/p>\n<p><strong><u>Attention\u00a0!!! Le mardi\u00a0: pas d\u2019\u00e9tude pour les primaires <\/u><\/strong>\u00a0afin de permettre \u00e0 l\u2019\u00e9quipe de se r\u00e9unir pour travailler. Seule la garderie sera assur\u00e9e.<\/p>\n<ul>\n<li><span style=\"text-decoration: underline;\">Participation financi\u00e8re<\/span>\u00a0: il vous sera demand\u00e9 <strong><u>0,50 \u20ac par tranche. La premi\u00e8re de 16h00 \u00e0 16h45, la suivante de 16h45 \u00e0 17h40. <\/u><\/strong><\/li>\n<\/ul>\n<p><strong><em>Attention : La grille de la grande cour est <u>ferm\u00e9e \u00e0 15h55<\/u><\/em><\/strong>\u00a0; les parents qui viennent chercher leurs enfants apr\u00e8s cette heure sont donc pri\u00e9s de passer par <u>la porte de la rue de Cordes.<\/u><\/p>\n<p><strong><u>\u00a0<\/u><\/strong><\/p>\n<p>&nbsp;<\/p>\n<ul>\n<li><strong>FACTURE<\/strong><\/li>\n<\/ul>\n<p><strong>\u00a0<\/strong>Chaque mois, une facture reprend les comptes <u>des\u00a0d\u00eeners complets<\/u> , des <u>garderies, des piscines et des sorties<\/u>.<\/p>\n<p>&nbsp;<\/p>\n<ul>\n<li><strong>ASSURANCES<\/strong><\/li>\n<\/ul>\n<p><strong>\u00a0<\/strong>Comme dans toutes les \u00e9coles, tous nos \u00e9l\u00e8ves sont assur\u00e9s pour les d\u00e9g\u00e2ts corporels qu\u2019ils pourraient subir dans toutes les activit\u00e9s organis\u00e9es dans le cadre de l\u2019\u00e9cole (y compris les r\u00e9cr\u00e9ations, cas le plus fr\u00e9quent).<\/p>\n<p>Si cela devait arriver \u00e0 votre enfant, voici comment vous devez proc\u00e9der\u00a0:<\/p>\n<ol>\n<li>L\u2019enfant doit \u00eatre examin\u00e9 par un <strong>m\u00e9decin<\/strong> qui remplit un document m\u00e9dical pour l\u2019assurance. Lorsque l\u2019accident se produit durant une journ\u00e9e d\u2019\u00e9cole, nous nous rendons aux urgences au Chwapi<\/li>\n<li>Le directeur remplit un document de <strong>d\u00e9claration d\u2019accident<\/strong>.<\/li>\n<li><strong>Vous payez<\/strong> la partie de la facture qui n\u2019est pas prise en charge par votre mutuelle.<\/li>\n<\/ol>\n<ol>\n<li>Lorsque toutes les interventions sont termin\u00e9es et tous les frais pay\u00e9s, vous remplissez un document (disponible \u00e0 l\u2019\u00e9cole) pour que l\u2019assurance vous <strong>rembourse vos frais<\/strong>.<\/li>\n<\/ol>\n<p><u>Les d\u00e9g\u00e2ts mat\u00e9riels ne sont pas assur\u00e9s<\/u>\u00a0!\u00a0 Lorsque des cas se pr\u00e9sentent, il s\u2019agit la plupart du temps du r\u00e9sultat d\u2019une dispute dans la cour (v\u00eatements d\u00e9chir\u00e9s ou lunettes bris\u00e9es). A ce moment-l\u00e0, <u>seul un arrangement \u00e0 l\u2019amiable entre les deux familles concern\u00e9es peut intervenir<\/u>.<\/p>\n<p>Si votre enfant porte des lunettes et qu\u2019elles ne lui sont pas indispensables dans la cour, veuillez l\u2019habituer \u00e0 <u>les laisser en classe<\/u> durant la r\u00e9cr\u00e9ation.<\/p>\n<p>&nbsp;<\/p>\n<p>&nbsp;<\/p>\n<div id=\"optionmailtomodalPopupTo\" style=\"z-index: 1102;\">\n<div id=\"optionmailtomodalContentMail\">\n<div id=\"optionmailtotoMail\">Frais scolaires pour 2022-2023<\/div>\n<\/div>\n<div>\n<table width=\"100%\">\n<tbody>\n<tr>\n<td><\/td>\n<\/tr>\n<\/tbody>\n<\/table>\n<p><strong>Dans sa mission d\u2019enseignement<\/strong><\/p>\n<table width=\"0\">\n<tbody>\n<tr>\n<td width=\"291\"><strong><u>\u00a0<\/u><\/strong><\/td>\n<td width=\"170\"><strong>Description<\/strong><\/td>\n<td width=\"113\"><strong>Quantit\u00e9<\/strong><\/td>\n<td colspan=\"2\" width=\"95\"><strong>Prix \u00e0 l\u2019unit\u00e9<\/strong><\/td>\n<td width=\"1\"><\/td>\n<\/tr>\n<tr>\n<td colspan=\"4\" width=\"669\"><strong>Frais scolaires obligatoires<\/strong><\/td>\n<td colspan=\"2\" width=\"2\"><\/td>\n<\/tr>\n<tr>\n<td width=\"291\"><strong>Acc\u00e8s \u00e0 la piscine <\/strong><\/td>\n<td width=\"170\"><strong>Entr\u00e9e \u00e0 la piscine<\/strong><\/td>\n<td width=\"113\"><strong>par cycle <\/strong><\/p>\n<p><strong>pendant 7 semaines<\/strong><\/td>\n<td colspan=\"2\" width=\"95\"><strong>1,50 \u20ac<\/strong><\/td>\n<td width=\"1\"><\/td>\n<\/tr>\n<tr>\n<td width=\"291\"><strong>D\u00e9placements vers la piscine<a href=\"#_ftn1\" name=\"_ftnref1\"><sup>[1]<\/sup><\/a><\/strong><\/td>\n<td width=\"170\"><strong>Bus <\/strong><\/td>\n<td width=\"113\"><strong>pendant 7 semaines<\/strong><\/td>\n<td colspan=\"2\" width=\"95\"><strong>2,50\u20ac<\/strong><\/td>\n<td width=\"1\"><\/td>\n<\/tr>\n<tr>\n<td width=\"291\"><strong>Activit\u00e9s sportives<\/strong><\/td>\n<td width=\"170\"><strong>Rusta<\/strong><\/td>\n<td width=\"113\"><strong>1x\/ ann\u00e9e<\/strong><\/td>\n<td colspan=\"2\" width=\"95\"><strong>1,00\u20ac<\/strong><\/td>\n<td width=\"1\"><\/td>\n<\/tr>\n<tr>\n<td width=\"291\"><strong>D\u00e9placement vers l\u2019activit\u00e9 sportive<sup>18<\/sup><\/strong><\/td>\n<td width=\"170\"><strong>Bus <\/strong><\/td>\n<td width=\"113\"><strong>1x\/ ann\u00e9e <\/strong><\/td>\n<td colspan=\"2\" width=\"95\"><strong>2,00\u20ac<\/strong><\/td>\n<td width=\"1\"><\/td>\n<\/tr>\n<tr>\n<td width=\"291\"><strong>Activit\u00e9s culturelles<\/strong><\/td>\n<td width=\"170\"><strong>Th\u00e9\u00e2tre <\/strong><\/p>\n<p><strong>Mus\u00e9e<\/strong><\/td>\n<td width=\"113\"><strong>3<\/strong><\/p>\n<p><strong>2<\/strong><\/td>\n<td colspan=\"2\" width=\"95\"><strong>4,00\u20ac<\/strong><\/p>\n<p><strong>\u00a0<\/strong><\/p>\n<p><strong>4,00\u20ac<\/strong><\/td>\n<td width=\"1\"><\/td>\n<\/tr>\n<tr>\n<td width=\"291\"><strong>D\u00e9placement vers l\u2019activit\u00e9 culturelle<\/strong><\/td>\n<td width=\"170\"><strong>\u00a0<\/strong><\/td>\n<td width=\"113\"><strong>2<\/strong><\/td>\n<td colspan=\"2\" width=\"95\"><strong>\u00a0<\/strong><\/p>\n<p><strong>2,00\u20ac<\/strong><\/td>\n<td width=\"1\"><\/td>\n<\/tr>\n<tr>\n<td width=\"291\"><strong>S\u00e9jour p\u00e9dagogique avec nuit\u00e9es<\/strong><\/td>\n<td width=\"170\"><strong>Classes vertes<\/strong><\/td>\n<td width=\"113\"><strong>\u00a0<\/strong><\/td>\n<td colspan=\"2\" width=\"95\"><strong>140 euros<\/strong><\/td>\n<td width=\"1\"><\/td>\n<\/tr>\n<tr>\n<td colspan=\"6\" width=\"671\"><strong>Frais scolaires facultatifs <a href=\"#_ftn2\" name=\"_ftnref2\"><sup>[2]<\/sup><\/a><\/strong><\/td>\n<\/tr>\n<tr>\n<td width=\"291\"><strong>Achat group\u00e9 facultatif <\/strong><\/td>\n<td width=\"170\"><strong>\u00a0<\/strong><\/td>\n<td width=\"113\"><strong>\u00a0<\/strong><\/td>\n<td colspan=\"2\" width=\"95\"><strong>\u00a0<\/strong><\/td>\n<td width=\"1\"><\/td>\n<\/tr>\n<tr>\n<td width=\"291\"><\/td>\n<td width=\"170\"><\/td>\n<td width=\"113\"><\/td>\n<td width=\"95\"><\/td>\n<td width=\"1\"><\/td>\n<td width=\"1\"><\/td>\n<\/tr>\n<\/tbody>\n<\/table>\n<p><strong>\u00a0<\/strong><\/p>\n<p><strong>Hors mission d\u2019enseignement\u00a0: tarif des services propos\u00e9s<\/strong><\/p>\n<table width=\"0\">\n<tbody>\n<tr>\n<td width=\"344\"><strong>\u00a0<\/strong><\/td>\n<td width=\"94\"><strong>Quantit\u00e9<\/strong><\/td>\n<td width=\"81\"><strong>Prix \u00e0 l\u2019unit\u00e9<\/strong><\/td>\n<\/tr>\n<tr>\n<td width=\"344\"><strong>Repas chaud\u00a0\u00a0\u00a0 <\/strong><\/td>\n<td width=\"94\"><strong>4X\/semaine <\/strong><\/td>\n<td width=\"81\"><strong>3,60\u20ac ou 2,80\u20ac<\/strong><\/td>\n<\/tr>\n<tr>\n<td width=\"344\"><strong>Etude dirig\u00e9e<\/strong><\/td>\n<td width=\"94\"><strong>4X\/ semaine<\/strong><\/td>\n<td width=\"81\"><strong>0.50\u20ac<\/strong><\/td>\n<\/tr>\n<tr>\n<td width=\"344\"><strong>Garderie du matin<\/strong><\/td>\n<td width=\"94\"><strong>5X\/ semaine<\/strong><\/td>\n<td width=\"81\"><strong>0.50\u20ac<\/strong><\/td>\n<\/tr>\n<tr>\n<td width=\"344\"><strong>Garderie du soir<\/strong><\/td>\n<td width=\"94\"><strong>4X\/semaine<\/strong><\/td>\n<td width=\"81\"><strong>0.50\u20ac<\/strong><\/td>\n<\/tr>\n<\/tbody>\n<\/table>\n<p>&nbsp;<\/p>\n<table width=\"100%\">\n<tbody>\n<tr>\n<td><strong><em>Nous attirons votre attention sur le fait qu\u2019une r\u00e9flexion a \u00e9t\u00e9 men\u00e9e sur les frais r\u00e9clam\u00e9s, et plus particuli\u00e8rement ceux qui sont li\u00e9s \u00e0 des activit\u00e9s culturelles et sportives s\u2019inscrivant le projet d\u2019\u00e9tablissement, conform\u00e9ment \u00e0 l\u2019article 69 du d\u00e9cret du 24 juillet 1997. <\/em><\/strong><\/td>\n<\/tr>\n<\/tbody>\n<\/table>\n<p><strong>Les factures sont \u00e9dit\u00e9es mensuellement. Vous \u00eates invit\u00e9s \u00e0 payer sur le compte BE42 1990 2917 4154 en<\/strong> suivant les consignes stipul\u00e9es sur la facture.<\/p>\n<p>Par ailleurs, nous vous informons que les factures impay\u00e9es les ann\u00e9es scolaires pr\u00e9c\u00e9dentes seront report\u00e9es.<\/p>\n<p>Vous reconnaissez ainsi que ces montants sont dus \u00e0 l\u2019\u00e9cole et que celle-ci peut donc continuer \u00e0 vous les r\u00e9clamer, notamment dans le cadre d\u2019un \u00e9chelonnement de payement.<\/p>\n<p>Toute facture impay\u00e9e fait l\u2019objet d\u2019une mise en demeure formelle. A partir de celle-ci, des int\u00e9r\u00eats de retard et des frais administratifs vous seront r\u00e9clam\u00e9s.<\/p>\n<p>En cas de difficult\u00e9s financi\u00e8res, des solutions peuvent \u00eatre trouv\u00e9es. Ainsi, un \u00e9chelonnement de paiement peut \u00eatre demand\u00e9.<\/p>\n<p>D\u2019avance, nous vous remercions vivement et restons \u00e0 votre enti\u00e8re disposition pour toute information compl\u00e9mentaire que vous souhaiteriez recevoir au sujet des frais r\u00e9clam\u00e9s par l\u2019\u00e9cole.<\/p>\n<p><strong>Article 100 du d\u00e9cret \u00ab\u00a0Missions\u00a0\u00bb du 24 juillet 1997\u00a0<\/strong><\/p>\n<ul>\n<li>1er. Des dotations et des subventions de fonctionnement annuelles et forfaitaires sont accord\u00e9es pour couvrir les frais aff\u00e9rents au fonctionnement et \u00e0 l\u2019\u00e9quipement des \u00e9coles, et \u00e0 la distribution gratuite de manuels et de fournitures scolaires aux \u00e9l\u00e8ves soumis \u00e0 l\u2019obligation scolaire.<\/li>\n<\/ul>\n<p>En outre, dans l\u2019enseignement maternel ordinaire et sp\u00e9cialis\u00e9, il est octroy\u00e9 aux \u00e9coles organis\u00e9es ou subventionn\u00e9es un montant forfaitaire de 50 euros par \u00e9l\u00e8ve inscrit, affect\u00e9 sp\u00e9cifiquement aux frais et fournitures scolaires. Ce montant vise prioritairement l\u2019achat des fournitures scolaires d\u00e9finies comme \u00e9tant tous les mat\u00e9riels n\u00e9cessaires \u00e0 l\u2019atteinte des comp\u00e9tences de base telles que d\u00e9finies dans les socles de comp\u00e9tences initiales de la Communaut\u00e9 fran\u00e7aise. Ce montant peut \u00e9galement couvrir les frais scolaires li\u00e9s \u00e0 l\u2019organisation d\u2019activit\u00e9s scolaires ou de s\u00e9jours p\u00e9dagogiques avec nuit\u00e9e(s). Ce montant est vers\u00e9 chaque ann\u00e9e au mois de mars. Il est calcul\u00e9 sur la base du nombre d\u2019\u00e9l\u00e8ves r\u00e9guli\u00e8rement inscrits dans l\u2019\u00e9cole \u00e0 la date du 30 septembre de l\u2019ann\u00e9e pr\u00e9c\u00e9dente, multipli\u00e9 par un coefficient de 1.2, et est arrondi \u00e0 l\u2019unit\u00e9 sup\u00e9rieure si la premi\u00e8re d\u00e9cimale est \u00e9gale ou sup\u00e9rieure \u00e0 5, \u00e0 l\u2019unit\u00e9 inf\u00e9rieure dans les autres cas. Il est index\u00e9 annuellement en appliquant aux montants de l\u2019ann\u00e9e civile pr\u00e9c\u00e9dente le rapport entre l\u2019indice g\u00e9n\u00e9ral des prix \u00e0 la consommation de janvier de l\u2019ann\u00e9e civile en cours et l\u2019indice de janvier de l\u2019ann\u00e9e civile pr\u00e9c\u00e9dente.<\/p>\n<p>Tout pouvoir organisateur ayant re\u00e7u les montants vis\u00e9s \u00e0 l\u2019alin\u00e9a 2 tient \u00e0 la disposition des Services du Gouvernement aux fins de contr\u00f4le, au plus tard pour le 31 janvier de l\u2019ann\u00e9e suivant l\u2019ann\u00e9e scolaire pour laquelle les montants ont \u00e9t\u00e9 accord\u00e9s, les justificatifs de l\u2019ensemble des d\u00e9penses effectu\u00e9es, et ce, pendant une dur\u00e9e de dix ans. Si dans le cadre d\u2019un contr\u00f4le, il apparait que les montants re\u00e7us n\u2019ont pas \u00e9t\u00e9 affect\u00e9s \u00e0 l\u2019achat de fournitures scolaires, \u00e0 l\u2019organisation d\u2019activit\u00e9s scolaires ou de s\u00e9jours p\u00e9dagogiques avec nuit\u00e9e(s), le montant octroy\u00e9 devra \u00eatre ristourn\u00e9 aux Services du Gouvernement dans un d\u00e9lai de soixante jours \u00e0 dater de la notification adress\u00e9e au pouvoir organisateur concern\u00e9.<\/p>\n<ul>\n<li>2. Dans l\u2019enseignement maternel, ordinaire et sp\u00e9cialis\u00e9, aucun minerval direct ou indirect ne peut \u00eatre per\u00e7u. Sans pr\u00e9judice du paragraphe 3, un pouvoir organisateur ne peut en aucun cas formuler lors de l\u2019inscription ou lors de la poursuite de la scolarisation dans une \u00e9cole une demande de paiement, directe ou indirecte, facultative ou obligatoire, sous forme d\u2019argent, de services ou de fournitures.<\/li>\n<\/ul>\n<p>Dans l\u2019enseignement primaire et secondaire, ordinaire et sp\u00e9cialis\u00e9, aucun minerval direct ou indirect ne peut \u00eatre per\u00e7u hors les cas pr\u00e9vus, d\u2019une part, par l\u2019article 12, \u00a7 1erbis de la loi du 29 mai 1959 modifiant certaines dispositions de la l\u00e9gislation de l\u2019enseignement et, d\u2019autre part, par l\u2019article 59, \u00a7 1er, de la loi du 21\u00a0juin 1985 concernant l\u2019enseignement. Sans pr\u00e9judice des dispositions du pr\u00e9sent alin\u00e9a et des paragraphes 4 \u00e0 6, un pouvoir organisateur ne peut en aucun cas formuler lors de l\u2019inscription ou lors de la poursuite de la scolarisation dans une \u00e9cole une demande de paiement, directe ou indirecte, facultative ou obligatoire, sous forme d\u2019argent, de services ou de fournitures.<\/p>\n<p><em>\u00a0<\/em><\/p>\n<ul>\n<li>3. Dans l\u2019enseignement maternel, ordinaire et sp\u00e9cialis\u00e9, sans pr\u00e9judice des alin\u00e9as 2 et 3, aucun frais scolaire ne peut \u00eatre per\u00e7u et aucune fourniture scolaire ne peut \u00eatre r\u00e9clam\u00e9e aux parents ou \u00e0 la personne investie de l\u2019autorit\u00e9 parentale, directement ou indirectement.<\/li>\n<\/ul>\n<p>Seuls les frais scolaires suivants, appr\u00e9ci\u00e9s au co\u00fbt r\u00e9el, peuvent \u00eatre per\u00e7us :<\/p>\n<p>1\u00b0les droits d\u2019acc\u00e8s \u00e0 la piscine ainsi que les d\u00e9placements qui y sont li\u00e9s ;<\/p>\n<p>2\u00b0les droits d\u2019acc\u00e8s aux activit\u00e9s culturelles et sportives s\u2019inscrivant dans le projet p\u00e9dagogique du pouvoir organisateur ou dans le projet d\u2019\u00e9tablissement ainsi que les d\u00e9placements qui y sont li\u00e9s. Le Gouvernement arr\u00eate le montant total maximal toutes taxes comprises qu\u2019une \u00e9cole peut r\u00e9clamer par \u00e9l\u00e8ve pour une ann\u00e9e d\u2019\u00e9tude, un groupe d\u2019ann\u00e9es d\u2019\u00e9tude et\/ou pour l\u2019ensemble des ann\u00e9es d\u2019\u00e9tude de l\u2019enseignement maternel ;<\/p>\n<p>3\u00b0les frais li\u00e9s aux s\u00e9jours p\u00e9dagogiques avec nuit\u00e9e(s) organis\u00e9s par l\u2019\u00e9cole et s\u2019inscrivant dans le projet p\u00e9dagogique du pouvoir organisateur ou dans le projet d\u2019\u00e9tablissement, ainsi que les d\u00e9placements qui y sont li\u00e9s. Le Gouvernement fixe le montant total maximal toutes taxes comprises qu\u2019une \u00e9cole peut r\u00e9clamer par \u00e9l\u00e8ve pour une ann\u00e9e d\u2019\u00e9tude, un groupe d\u2019ann\u00e9es d\u2019\u00e9tude et\/ou pour l\u2019ensemble des ann\u00e9es d\u2019\u00e9tude de l\u2019enseignement maternel.<\/p>\n<p>Seules les fournitures scolaires suivantes ne sont pas fournies par les \u00e9coles :<\/p>\n<p>1\u00b0le cartable non garni ;<\/p>\n<p>2\u00b0le plumier non garni ;<\/p>\n<p>3\u00b0les tenues vestimentaires et sportives usuelles de l\u2019\u00e9l\u00e8ve.<\/p>\n<p>Aucun fournisseur ou marque de fournitures scolaires, de tenues vestimentaires ou sportives usuelles ou prescriptions qui aboutissent au m\u00eame effet ne peut \u00eatre impos\u00e9 aux parents ou \u00e0 la personne investie de l\u2019autorit\u00e9 parentale.<\/p>\n<p>Les frais scolaires autoris\u00e9s vis\u00e9s \u00e0 l\u2019alin\u00e9a 2, 1\u02da \u00e0 3\u02da, ne peuvent pas \u00eatre cumul\u00e9s en vue d\u2019un paiement forfaitaire et unique. Ils sont imput\u00e9s \u00e0 des services pr\u00e9cis et effectivement organis\u00e9s. Les montants fix\u00e9s en application de l\u2019alin\u00e9a 2, 2\u02da et 3\u02da, sont annuellement index\u00e9s en appliquant aux montants de l\u2019ann\u00e9e civile pr\u00e9c\u00e9dente le rapport entre l\u2019indice g\u00e9n\u00e9ral des prix \u00e0 la consommation de janvier de l\u2019ann\u00e9e civile en cours et l\u2019indice de janvier de l\u2019ann\u00e9e civile pr\u00e9c\u00e9dente.<\/p>\n<ul>\n<li>4. Dans l\u2019enseignement primaire, ordinaire et sp\u00e9cialis\u00e9, ne sont pas consid\u00e9r\u00e9s comme perception d\u2019un minerval les frais scolaires appr\u00e9ci\u00e9s au co\u00fbt r\u00e9el suivants :<\/li>\n<\/ul>\n<p>1\u00b0les droits d\u2019acc\u00e8s \u00e0 la piscine ainsi que les d\u00e9placements qui y sont li\u00e9s ;<\/p>\n<p>2\u00b0les droits d\u2019acc\u00e8s aux activit\u00e9s culturelles et sportives s\u2019inscrivant dans le projet p\u00e9dagogique du pouvoir organisateur ou dans le projet d\u2019\u00e9tablissement ainsi que les d\u00e9placements qui y sont li\u00e9s. Le Gouvernement fixe le montant total maximal toutes taxes comprises qu\u2019une \u00e9cole peut r\u00e9clamer par \u00e9l\u00e8ve pour une ann\u00e9e d\u2019\u00e9tude, un groupe d\u2019ann\u00e9es d\u2019\u00e9tude et\/ou sur l\u2019ensemble des ann\u00e9es d\u2019\u00e9tude de l\u2019enseignement primaire ;<\/p>\n<p>3\u00b0les frais li\u00e9s aux s\u00e9jours p\u00e9dagogiques avec nuit\u00e9e(s) organis\u00e9s par l\u2019\u00e9cole et s\u2019inscrivant dans le projet p\u00e9dagogique du pouvoir organisateur ou dans le projet d\u2019\u00e9tablissement, ainsi que les d\u00e9placements qui y sont li\u00e9s. Le Gouvernement fixe le montant total maximal toutes taxes comprises qu\u2019une \u00e9cole peut r\u00e9clamer par \u00e9l\u00e8ve pour une ann\u00e9e d\u2019\u00e9tude, un groupe d\u2019ann\u00e9es d\u2019\u00e9tude et\/ou sur l\u2019ensemble des ann\u00e9es d\u2019\u00e9tude de l\u2019enseignement primaire.<\/p>\n<p>Aucun fournisseur ou marque de fournitures scolaires, de tenues vestimentaires ou sportives usuelles ou prescriptions qui aboutissent au m\u00eame effet ne peut \u00eatre impos\u00e9 aux parents ou \u00e0 la personne investie de l\u2019autorit\u00e9 parentale.<\/p>\n<p>Les frais scolaires autoris\u00e9s vis\u00e9s \u00e0 l\u2019alin\u00e9a 1<sup>er<\/sup>, 1\u02da \u00e0 3\u02da, ne peuvent pas \u00eatre cumul\u00e9s en vue d\u2019un paiement forfaitaire et unique. Ils sont imput\u00e9s \u00e0 des services pr\u00e9cis et effectivement organis\u00e9s. Les montants fix\u00e9s en application de l\u2019alin\u00e9a 1<sup>er<\/sup>, 2 et 3\u02da, sont index\u00e9s annuellement en appliquant aux montants de l\u2019ann\u00e9e civile pr\u00e9c\u00e9dente le rapport entre l\u2019indice g\u00e9n\u00e9ral des prix \u00e0 la consommation de janvier de l\u2019ann\u00e9e civile en cours et l\u2019indice de janvier de l\u2019ann\u00e9e civile pr\u00e9c\u00e9dente.<\/p>\n<ul>\n<li>5. Dans l\u2019enseignement secondaire, ordinaire et sp\u00e9cialis\u00e9, ne sont pas consid\u00e9r\u00e9s comme perception d\u2019un minerval les frais scolaires appr\u00e9ci\u00e9s au co\u00fbt r\u00e9el suivants :<\/li>\n<\/ul>\n<p>1\u00b0les droits d\u2019acc\u00e8s \u00e0 la piscine ainsi que les d\u00e9placements qui y sont li\u00e9s ;<\/p>\n<p>2\u00b0les droits d\u2019acc\u00e8s aux activit\u00e9s culturelles et sportives s\u2019inscrivant dans le projet p\u00e9dagogique du pouvoir organisateur ou dans le projet d\u2019\u00e9tablissement ainsi que les d\u00e9placements qui y sont li\u00e9s. Le Gouvernement fixe le montant total maximal toutes taxes comprises qu\u2019une \u00e9cole peut r\u00e9clamer par \u00e9l\u00e8ve pour une ann\u00e9e d\u2019\u00e9tude, un groupe d\u2019ann\u00e9es d\u2019\u00e9tude et\/ou sur l\u2019ensemble des ann\u00e9es d\u2019\u00e9tude de l\u2019enseignement secondaire ;<\/p>\n<p>3\u00b0les photocopies distribu\u00e9es aux \u00e9l\u00e8ves ; sur avis conforme du Conseil g\u00e9n\u00e9ral de concertation pour l\u2019enseignement secondaire, le Gouvernement arr\u00eate le montant maximum du co\u00fbt des photocopies par \u00e9l\u00e8ve qui peut \u00eatre r\u00e9clam\u00e9 au cours d\u2019une ann\u00e9e scolaire ;<\/p>\n<p>4\u00b0le pr\u00eat de livres scolaires, d\u2019\u00e9quipements personnels et d\u2019outillage ;<\/p>\n<p>5\u00b0les frais li\u00e9s aux s\u00e9jours p\u00e9dagogiques avec nuit\u00e9e(s) organis\u00e9s par l\u2019\u00e9cole et s\u2019inscrivant dans le projet p\u00e9dagogique du pouvoir organisateur ou dans le projet d\u2019\u00e9tablissement, ainsi que les d\u00e9placements qui y sont li\u00e9s. Le Gouvernement fixe le montant total maximal toutes taxes comprises qu\u2019une \u00e9cole peut r\u00e9clamer par \u00e9l\u00e8ve pour une ann\u00e9e d\u2019\u00e9tude, un groupe d\u2019ann\u00e9es d\u2019\u00e9tude et\/ou sur l\u2019ensemble des ann\u00e9es d\u2019\u00e9tude de l\u2019enseignement secondaire.<\/p>\n<p>Aucun fournisseur ou marque de fournitures scolaires, de tenues vestimentaires ou sportives usuelles ou prescriptions qui aboutissent au m\u00eame effet ne peut \u00eatre impos\u00e9 \u00e0 l\u2019\u00e9l\u00e8ve majeur ou aux parents ou \u00e0 la personne investie de l\u2019autorit\u00e9 parentale.<\/p>\n<p>Les frais scolaires autoris\u00e9s vis\u00e9s \u00e0 l\u2019alin\u00e9a 1er, 1\u02da \u00e0 5\u02da, ne peuvent pas \u00eatre cumul\u00e9s en vue d\u2019un paiement forfaitaire et unique. Ils sont imput\u00e9s \u00e0 des services pr\u00e9cis et effectivement organis\u00e9s. Les montants fix\u00e9s en application de l\u2019alin\u00e9a 1er, 2\u02da et 5\u02da, sont index\u00e9s annuellement en appliquant aux montants de l\u2019ann\u00e9e civile pr\u00e9c\u00e9dente le rapport entre l\u2019indice g\u00e9n\u00e9ral des prix \u00e0 la consommation de janvier de l\u2019ann\u00e9e civile en cours et l\u2019indice de janvier de l\u2019ann\u00e9e civile pr\u00e9c\u00e9dente.<\/p>\n<ul>\n<li>6. Dans l\u2019enseignement primaire et secondaire, ordinaire et sp\u00e9cialis\u00e9, les frais scolaires suivants peuvent \u00eatre propos\u00e9s \u00e0 l\u2019\u00e9l\u00e8ve s\u2019il est majeur, ou \u00e0 ses parents ou \u00e0 la personne investie de l\u2019autorit\u00e9 parentale, s\u2019il est mineur, pour autant que le caract\u00e8re facultatif ait \u00e9t\u00e9 explicitement port\u00e9 \u00e0 leur connaissance :<\/li>\n<\/ul>\n<p>1\u00b0les achats group\u00e9s ;<\/p>\n<p>2\u00b0les frais de participation \u00e0 des activit\u00e9s facultatives ;<\/p>\n<p>3\u00b0les abonnements \u00e0 des revues ;<\/p>\n<p>Ils sont propos\u00e9s \u00e0 leur co\u00fbt r\u00e9el pour autant qu\u2019ils soient li\u00e9s au projet p\u00e9dagogique.<\/p>\n<ul>\n<li>7. Les pouvoirs organisateurs sont tenus, dans la perception des frais, de respecter les dispositions de l\u2019article 11.<\/li>\n<\/ul>\n<p>Les pouvoirs organisateurs n\u2019impliquent pas les \u00e9l\u00e8ves mineurs dans le processus de paiement et dans le dialogue qu\u2019ils entretiennent avec les parents ou la personne investie de l\u2019autorit\u00e9 parentale \u00e0 propos des frais scolaires et des d\u00e9comptes p\u00e9riodiques.<\/p>\n<p>Le non-paiement des frais ne peut en aucun cas constituer, pour l\u2019\u00e9l\u00e8ve, un motif de refus d\u2019inscription ou d\u2019exclusion d\u00e9finitive ou de toute autre sanction m\u00eame si ces frais figurent dans le projet p\u00e9dagogique ou dans le projet d\u2019\u00e9tablissement.<\/p>\n<p>Les pouvoirs organisateurs peuvent, dans l\u2019enseignement primaire et secondaire, ordinaire et sp\u00e9cialis\u00e9, mettre en place un paiement correspondant au co\u00fbt moyen r\u00e9el des frais scolaires vis\u00e9s aux paragraphes 4 et 5. Dans l\u2019enseignement obligatoire, aucun droit ou frais, direct ou indirect, ne peut \u00eatre demand\u00e9 \u00e0 l\u2019\u00e9l\u00e8ve, \u00e0 ses parents ou \u00e0 la personne investie de l\u2019autorit\u00e9 parentale, pour la d\u00e9livrance de ses dipl\u00f4mes et certificats d\u2019enseignement ou de son bulletin scolaire.<\/p>\n<ul>\n<li>8. La r\u00e9f\u00e9rence l\u00e9gale et le texte int\u00e9gral du pr\u00e9sent article sont reproduits dans le r\u00e8glement d\u2019ordre int\u00e9rieur de chaque \u00e9cole ainsi que sur l\u2019estimation des frais r\u00e9clam\u00e9s vis\u00e9e \u00e0 l\u2019article 101, \u00a7 1er, et les d\u00e9comptes p\u00e9riodiques vis\u00e9s \u00e0 l\u2019article 101, \u00a7 2<\/li>\n<\/ul>\n<p>&nbsp;<\/p>\n<p><a href=\"#_ftnref1\" name=\"_ftn1\">[1]<\/a> En cas d\u2019absence \u00e0 une activit\u00e9, la part de transport (uniquement) pourra vous \u00eatre factur\u00e9e.<\/p>\n<p><a href=\"#_ftnref2\" name=\"_ftn2\">[2]<\/a> Cette rubrique n\u2019est pas applicable \u00e0 l\u2019ensemble du maternel ordinaire et sp\u00e9cialis\u00e9<\/p>\n<\/div>\n<div id=\"optionmailtomodalContentMail\">\n<div id=\"optionmailtotoPopup\">What do you want to do ?<\/div>\n<p>New mail<button id=\"optionmailtobuttonCopy\">Copy<\/button><\/p>\n<\/div>\n<\/div>\n<div><img \/><\/div>\n","protected":false},"excerpt":{"rendered":"<p>Ann\u00e9e scolaire 2022-2023 &nbsp; ORGANISATION Direction\u00a0:\u00a0 Mme Fran\u00e7oise Cl\u00e9ment Secr\u00e9tariat\u00a0:\u00a0 Pour la facturation et l\u2019administratif : Mme Vanessa\u00a0 le lundi apr\u00e8s-midi, le mardi\u00a0 apr\u00e8s midi Mme Oriane le jeudi et le vendredi toute la journ\u00e9e. 3 classes en maternelle\u00a0: Accueil&hellip; <br \/><a class=\"read-more-button\" href=\"https:\/\/ecolesainteuniontournai.be\/?page_id=22\">Savoir plus<\/a><\/p>\n","protected":false},"author":3,"featured_media":0,"parent":0,"menu_order":0,"comment_status":"closed","ping_status":"closed","template":"","meta":[],"_links":{"self":[{"href":"https:\/\/ecolesainteuniontournai.be\/index.php?rest_route=\/wp\/v2\/pages\/22"}],"collection":[{"href":"https:\/\/ecolesainteuniontournai.be\/index.php?rest_route=\/wp\/v2\/pages"}],"about":[{"href":"https:\/\/ecolesainteuniontournai.be\/index.php?rest_route=\/wp\/v2\/types\/page"}],"author":[{"embeddable":true,"href":"https:\/\/ecolesainteuniontournai.be\/index.php?rest_route=\/wp\/v2\/users\/3"}],"replies":[{"embeddable":true,"href":"https:\/\/ecolesainteuniontournai.be\/index.php?rest_route=%2Fwp%2Fv2%2Fcomments&post=22"}],"version-history":[{"count":16,"href":"https:\/\/ecolesainteuniontournai.be\/index.php?rest_route=\/wp\/v2\/pages\/22\/revisions"}],"predecessor-version":[{"id":5569,"href":"https:\/\/ecolesainteuniontournai.be\/index.php?rest_route=\/wp\/v2\/pages\/22\/revisions\/5569"}],"wp:attachment":[{"href":"https:\/\/ecolesainteuniontournai.be\/index.php?rest_route=%2Fwp%2Fv2%2Fmedia&parent=22"}],"curies":[{"name":"wp","href":"https:\/\/api.w.org\/{rel}","templated":true}]}}